{"id":9374,"date":"2022-05-03T07:04:41","date_gmt":"2022-05-03T07:04:41","guid":{"rendered":"https:\/\/www.rohner-konzept.ch\/?post_type=project&#038;p=9374"},"modified":"2024-08-23T14:07:49","modified_gmt":"2024-08-23T14:07:49","slug":"histoires-a-succes-carlo-metz","status":"publish","type":"project","link":"https:\/\/www.rohner-konzept.ch\/fr\/project\/histoires-a-succes-carlo-metz\/","title":{"rendered":"Histoires \u00e0 succ\u00e8s Carlo Metz"},"content":{"rendered":"<p>[et_pb_section fb_built=\u00a0\u00bb1&Prime; admin_label=\u00a0\u00bbHeader mit Bild und Farbfl\u00e4che\u00a0\u00bb _builder_version=\u00a0\u00bb4.16&Prime; _module_preset=\u00a0\u00bbdefault\u00a0\u00bb background_color=\u00a0\u00bbrgba(0,0,0,0)\u00a0\u00bb use_background_color_gradient=\u00a0\u00bbon\u00a0\u00bb background_color_gradient_direction=\u00a0\u00bb90deg\u00a0\u00bb background_color_gradient_stops=\u00a0\u00bb#ffffff 25%|#d7cfc6 25%\u00a0\u00bb background_color_gradient_start=\u00a0\u00bb#ffffff\u00a0\u00bb background_color_gradient_start_position=\u00a0\u00bb25%\u00a0\u00bb background_color_gradient_end=\u00a0\u00bb#d7cfc6&Prime; background_color_gradient_end_position=\u00a0\u00bb25%\u00a0\u00bb background_enable_image=\u00a0\u00bboff\u00a0\u00bb z_index=\u00a0\u00bb0&Prime; width=\u00a0\u00bb100%\u00a0\u00bb width_tablet=\u00a0\u00bb\u00a0\u00bb width_phone=\u00a0\u00bb\u00a0\u00bb width_last_edited=\u00a0\u00bbon|desktop\u00a0\u00bb module_alignment=\u00a0\u00bbleft\u00a0\u00bb custom_margin=\u00a0\u00bb|||0px|false|false\u00a0\u00bb custom_padding=\u00a0\u00bb5px|||0px|false|false\u00a0\u00bb background_last_edited=\u00a0\u00bbon|desktop\u00a0\u00bb background_color_gradient_start_position_tablet=\u00a0\u00bb35%\u00a0\u00bb background_color_gradient_start_position_phone=\u00a0\u00bb100%\u00a0\u00bb background_color_gradient_end_position_tablet=\u00a0\u00bb35%\u00a0\u00bb background_color_gradient_end_position_phone=\u00a0\u00bb100%\u00a0\u00bb da_disable_devices=\u00a0\u00bboff|off|off\u00a0\u00bb global_colors_info=\u00a0\u00bb{}\u00a0\u00bb da_is_popup=\u00a0\u00bboff\u00a0\u00bb da_exit_intent=\u00a0\u00bboff\u00a0\u00bb da_has_close=\u00a0\u00bbon\u00a0\u00bb da_alt_close=\u00a0\u00bboff\u00a0\u00bb da_dark_close=\u00a0\u00bboff\u00a0\u00bb da_not_modal=\u00a0\u00bbon\u00a0\u00bb da_is_singular=\u00a0\u00bboff\u00a0\u00bb da_with_loader=\u00a0\u00bboff\u00a0\u00bb da_has_shadow=\u00a0\u00bbon\u00a0\u00bb][et_pb_row _builder_version=\u00a0\u00bb4.16&Prime; _module_preset=\u00a0\u00bbdefault\u00a0\u00bb background_color=\u00a0\u00bb#244C66&Prime; width=\u00a0\u00bb90%\u00a0\u00bb width_tablet=\u00a0\u00bb90%\u00a0\u00bb width_phone=\u00a0\u00bb100%\u00a0\u00bb width_last_edited=\u00a0\u00bbon|tablet\u00a0\u00bb max_width=\u00a0\u00bb5000px\u00a0\u00bb module_alignment=\u00a0\u00bbleft\u00a0\u00bb min_height=\u00a0\u00bb600px\u00a0\u00bb min_height_tablet=\u00a0\u00bb500px\u00a0\u00bb min_height_phone=\u00a0\u00bb250px\u00a0\u00bb min_height_last_edited=\u00a0\u00bbon|phone\u00a0\u00bb max_height=\u00a0\u00bb700px\u00a0\u00bb max_height_tablet=\u00a0\u00bb700px\u00a0\u00bb max_height_phone=\u00a0\u00bb350px\u00a0\u00bb max_height_last_edited=\u00a0\u00bbon|tablet\u00a0\u00bb custom_margin=\u00a0\u00bb0px||-150px|0px|false|false\u00a0\u00bb custom_padding=\u00a0\u00bb||||false|false\u00a0\u00bb animation_style=\u00a0\u00bbslide\u00a0\u00bb animation_direction=\u00a0\u00bbleft\u00a0\u00bb animation_intensity_slide=\u00a0\u00bb20%\u00a0\u00bb animation_starting_opacity=\u00a0\u00bb100%\u00a0\u00bb scroll_vertical_motion=\u00a0\u00bb0|50|50|100|0|0|0&Prime; global_colors_info=\u00a0\u00bb{}\u00a0\u00bb][et_pb_column type=\u00a0\u00bb4_4&Prime; _builder_version=\u00a0\u00bb4.16&Prime; _module_preset=\u00a0\u00bbdefault\u00a0\u00bb background_enable_image=\u00a0\u00bboff\u00a0\u00bb global_colors_info=\u00a0\u00bb{}\u00a0\u00bb][et_pb_text _builder_version=\u00a0\u00bb4.17.3&Prime; _module_preset=\u00a0\u00bbdefault\u00a0\u00bb header_text_color=\u00a0\u00bb#ffffff\u00a0\u00bb header_2_text_color=\u00a0\u00bb#FFFFFF\u00a0\u00bb header_2_font_size=\u00a0\u00bb30px\u00a0\u00bb max_width=\u00a0\u00bb28.8%\u00a0\u00bb max_width_tablet=\u00a0\u00bb40%\u00a0\u00bb max_width_phone=\u00a0\u00bb50%\u00a0\u00bb max_width_last_edited=\u00a0\u00bbon|desktop\u00a0\u00bb custom_margin=\u00a0\u00bb350px|20%||20%|false|false\u00a0\u00bb custom_margin_tablet=\u00a0\u00bb50px|10%||10%|false|false\u00a0\u00bb custom_margin_phone=\u00a0\u00bb10px|10%||10%|false|false\u00a0\u00bb custom_margin_last_edited=\u00a0\u00bbon|phone\u00a0\u00bb global_colors_info=\u00a0\u00bb{}\u00a0\u00bb]<\/p>\n<h2 class=\"p1\">Je d\u00e9couvre un sentiment de l\u00e9g\u00e8ret\u00e9 corporelle que je n\u2019avais ressenti auparavant.<\/h2>\n<p>[\/et_pb_text][\/et_pb_column][\/et_pb_row][\/et_pb_section][et_pb_section fb_built=\u00a0\u00bb1&Prime; admin_label=\u00a0\u00bbText mit Freisteller\u00a0\u00bb _builder_version=\u00a0\u00bb4.16&Prime; _module_preset=\u00a0\u00bbdefault\u00a0\u00bb z_index=\u00a0\u00bb-361&Prime; custom_margin=\u00a0\u00bb||||false|false\u00a0\u00bb custom_margin_tablet=\u00a0\u00bb5vw||||false|false\u00a0\u00bb custom_margin_phone=\u00a0\u00bb10vw||||false|false\u00a0\u00bb custom_margin_last_edited=\u00a0\u00bboff|desktop\u00a0\u00bb custom_padding=\u00a0\u00bb||||false|false\u00a0\u00bb da_disable_devices=\u00a0\u00bboff|off|off\u00a0\u00bb locked=\u00a0\u00bboff\u00a0\u00bb collapsed=\u00a0\u00bboff\u00a0\u00bb global_colors_info=\u00a0\u00bb{}\u00a0\u00bb da_is_popup=\u00a0\u00bboff\u00a0\u00bb da_exit_intent=\u00a0\u00bboff\u00a0\u00bb da_has_close=\u00a0\u00bbon\u00a0\u00bb da_alt_close=\u00a0\u00bboff\u00a0\u00bb da_dark_close=\u00a0\u00bboff\u00a0\u00bb da_not_modal=\u00a0\u00bbon\u00a0\u00bb da_is_singular=\u00a0\u00bboff\u00a0\u00bb da_with_loader=\u00a0\u00bboff\u00a0\u00bb da_has_shadow=\u00a0\u00bbon\u00a0\u00bb][\/et_pb_section][et_pb_section fb_built=\u00a0\u00bb1&Prime; specialty=\u00a0\u00bbon\u00a0\u00bb _builder_version=\u00a0\u00bb4.16&Prime; _module_preset=\u00a0\u00bbdefault\u00a0\u00bb custom_margin=\u00a0\u00bb||||false|false\u00a0\u00bb custom_padding=\u00a0\u00bb||||false|false\u00a0\u00bb da_disable_devices=\u00a0\u00bboff|off|off\u00a0\u00bb global_colors_info=\u00a0\u00bb{}\u00a0\u00bb da_is_popup=\u00a0\u00bboff\u00a0\u00bb da_exit_intent=\u00a0\u00bboff\u00a0\u00bb da_has_close=\u00a0\u00bbon\u00a0\u00bb da_alt_close=\u00a0\u00bboff\u00a0\u00bb da_dark_close=\u00a0\u00bboff\u00a0\u00bb da_not_modal=\u00a0\u00bbon\u00a0\u00bb da_is_singular=\u00a0\u00bboff\u00a0\u00bb da_with_loader=\u00a0\u00bboff\u00a0\u00bb da_has_shadow=\u00a0\u00bbon\u00a0\u00bb][et_pb_column type=\u00a0\u00bb1_3&Prime; _builder_version=\u00a0\u00bb4.16&Prime; custom_padding=\u00a0\u00bb|||\u00a0\u00bb global_colors_info=\u00a0\u00bb{}\u00a0\u00bb custom_padding__hover=\u00a0\u00bb|||\u00a0\u00bb][et_pb_text _builder_version=\u00a0\u00bb4.17.3&Prime; _module_preset=\u00a0\u00bbdefault\u00a0\u00bb link_text_color=\u00a0\u00bb#44A4D5&Prime; header_3_font_size=\u00a0\u00bb25px\u00a0\u00bb header_4_text_color=\u00a0\u00bb#69757e\u00a0\u00bb header_4_line_height=\u00a0\u00bb1.4em\u00a0\u00bb custom_margin_tablet=\u00a0\u00bb-5vw||-5vw||false|false\u00a0\u00bb custom_margin_phone=\u00a0\u00bb-5vw||0px||false|false\u00a0\u00bb custom_margin_last_edited=\u00a0\u00bbon|phone\u00a0\u00bb custom_padding_tablet=\u00a0\u00bb0px||0px||false|false\u00a0\u00bb custom_padding_phone=\u00a0\u00bb0px||0px||false|false\u00a0\u00bb custom_padding_last_edited=\u00a0\u00bbon|tablet\u00a0\u00bb locked=\u00a0\u00bboff\u00a0\u00bb global_colors_info=\u00a0\u00bb{}\u00a0\u00bb]<\/p>\n<h3 class=\"p1\">\u00abJe voulais savoir si mon type de m\u00e9tabolisme avait chang\u00e9 en 20 ans.\u00bb<\/h3>\n<p class=\"p1\"><strong><span class=\"Apple-converted-space\">Carlo Metz<br \/><\/span><\/strong>M\u00e9diateur FSM<\/p>\n<p>[\/et_pb_text][\/et_pb_column][et_pb_column type=\u00a0\u00bb2_3&Prime; specialty_columns=\u00a0\u00bb2&Prime; _builder_version=\u00a0\u00bb4.16&Prime; custom_padding=\u00a0\u00bb|||\u00a0\u00bb global_colors_info=\u00a0\u00bb{}\u00a0\u00bb custom_padding__hover=\u00a0\u00bb|||\u00a0\u00bb][et_pb_row_inner use_custom_gutter=\u00a0\u00bbon\u00a0\u00bb _builder_version=\u00a0\u00bb4.16&Prime; _module_preset=\u00a0\u00bbdefault\u00a0\u00bb global_colors_info=\u00a0\u00bb{}\u00a0\u00bb][et_pb_column_inner saved_specialty_column_type=\u00a0\u00bb2_3&Prime; _builder_version=\u00a0\u00bb4.16&Prime; _module_preset=\u00a0\u00bbdefault\u00a0\u00bb global_colors_info=\u00a0\u00bb{}\u00a0\u00bb][et_pb_image src=\u00a0\u00bbhttps:\/\/www.rohner-konzept.ch\/wp-content\/uploads\/2022\/04\/image001.jpg\u00a0\u00bb title_text=\u00a0\u00bbimage001&Prime; _builder_version=\u00a0\u00bb4.17.0&Prime; _module_preset=\u00a0\u00bbdefault\u00a0\u00bb global_colors_info=\u00a0\u00bb{}\u00a0\u00bb][\/et_pb_image][\/et_pb_column_inner][\/et_pb_row_inner][et_pb_row_inner _builder_version=\u00a0\u00bb4.16&Prime; _module_preset=\u00a0\u00bbdefault\u00a0\u00bb custom_margin=\u00a0\u00bb||||false|false\u00a0\u00bb custom_padding=\u00a0\u00bb0px||||false|false\u00a0\u00bb global_colors_info=\u00a0\u00bb{}\u00a0\u00bb][et_pb_column_inner saved_specialty_column_type=\u00a0\u00bb2_3&Prime; _builder_version=\u00a0\u00bb4.16&Prime; _module_preset=\u00a0\u00bbdefault\u00a0\u00bb global_colors_info=\u00a0\u00bb{}\u00a0\u00bb][et_pb_text _builder_version=\u00a0\u00bb4.17.3&Prime; _module_preset=\u00a0\u00bbdefault\u00a0\u00bb link_text_color=\u00a0\u00bb#44A4D5&Prime; global_colors_info=\u00a0\u00bb{}\u00a0\u00bb]<\/p>\n<p class=\"p1\"><b>Pour quelle raison aviez-vous d\u00e9j\u00e0 choisi le concept Rohner il y a 20 ans?<\/b><\/p>\n<p class=\"p1\">\u00c0 la fin des ann\u00e9es 90, je travaillais dans le domaine de la finance et les journ\u00e9es de travail \u00e9taient longues et intenses. Je mangeais pratiquement toujours \u00e0 l\u2019ext\u00e9rieur et pour le sport, je manquais de temps mais surtout de motivation. Au fil du temps, ma taille de v\u00eatements a augment\u00e9.<br \/>Mais j\u2019ai fini par r\u00e9aliser que je j\u2019\u00e9tais responsable de mon corps: je souhaitais perdre quelques kilos \u2013 mais comment faire? \u00c0 part faire plus de sport ou suivre un r\u00e9gime sp\u00e9cifique, il n\u2019existait \u00e0 l\u2019\u00e9poque aucun concept nutritionnel correspondant \u00e0 mes besoins.<br \/>\u00c0 cette \u00e9poque, une amie m\u2019a parl\u00e9 de sa maman qui parvenait \u00e0 de tr\u00e8s bons r\u00e9sultats avec le concept Rohner. La description m\u2019a plu car elle n\u2019\u00e9tait pas oblig\u00e9e de faire du sport tous les jours. j&rsquo;ai donc essay\u00e9 d\u2019obtenir un rendez-vous. Le d\u00e9lai d\u2019attente chez le Dr. med. Rohner \u00e0 Maur \u00e9tait de 18 mois!<\/p>\n<p>[\/et_pb_text][\/et_pb_column_inner][\/et_pb_row_inner][et_pb_row_inner _builder_version=\u00a0\u00bb4.16&Prime; _module_preset=\u00a0\u00bbdefault\u00a0\u00bb custom_margin=\u00a0\u00bb||||false|false\u00a0\u00bb custom_padding=\u00a0\u00bb0px||||false|false\u00a0\u00bb global_colors_info=\u00a0\u00bb{}\u00a0\u00bb][et_pb_column_inner saved_specialty_column_type=\u00a0\u00bb2_3&Prime; _builder_version=\u00a0\u00bb4.16&Prime; _module_preset=\u00a0\u00bbdefault\u00a0\u00bb global_colors_info=\u00a0\u00bb{}\u00a0\u00bb][et_pb_text _builder_version=\u00a0\u00bb4.17.3&Prime; _module_preset=\u00a0\u00bbdefault\u00a0\u00bb link_text_color=\u00a0\u00bb#44A4D5&Prime; global_colors_info=\u00a0\u00bb{}\u00a0\u00bb]<\/p>\n<p class=\"p1\"><b>Comment s\u2019est d\u00e9roul\u00e9e la consultation aupr\u00e8s du Dr. med. Rohner?<\/b><\/p>\n<p class=\"p1\">Le Dr. med. Rohner a proc\u00e9d\u00e9 \u00e0 un check-up biologique complet. J\u2019ai ainsi obtenu un bilan complet de mon \u00e9tat de sant\u00e9 corporel. En plus de ma liste d\u2019aliments et d\u2019explications sur mon type de m\u00e9tabolisme, il m\u2019a \u00e9galement donn\u00e9 divers conseils sur les compl\u00e9ments alimentaires et les vitamines qui peuvent contribuer \u00e0 prot\u00e9ger mes cellules et \u00e0 r\u00e9guler l\u2019hyperacidit\u00e9 du corps. Le Dr. med. Rohner a su bien m&rsquo;informer et me motiver \u00e0 modifier mes habitudes alimentaires. Lorsque je suis sorti du cabinet, j\u2019\u00e9tais tr\u00e8s motiv\u00e9 \u00e0 respecter imm\u00e9diatement \u00abma\u00bb liste d\u2019aliments.<br \/>Le changement le plus important a concern\u00e9 le petit d\u00e9jeuner. J\u2019ai supprim\u00e9 les croissants au beurre et la tresse du dimanche avec confiture et je les ai remplac\u00e9s par des fruits frais et des yoghourts au son de bl\u00e9. Au restaurant, je fais preuve de cr\u00e9ativit\u00e9 et j\u2019adapte ma commande \u00e0 la carte \u2013 au lieu de choisir des accompagnements riches en glucides, je commande un deuxi\u00e8me l\u00e9gume ou je remplace le plat principal par une grande entr\u00e9e. La r\u00e9ussite a rendu cette d\u00e9marche encore plus agr\u00e9able.<br \/>J\u2019ai rapidement ressenti une nouvelle \u00e9nergie, je me sentais bien et en pleine forme. Le contr\u00f4le de routine aupr\u00e8s de mon m\u00e9decin de famille a confirm\u00e9 mon impression: mon analyse sanguine \u00e9tait bien meilleure, notamment mon taux de cholest\u00e9rol et mon \u00e9quilibre acido-basique \u00e9tait revenu \u00e0 la normale.<\/p>\n<p>[\/et_pb_text][\/et_pb_column_inner][\/et_pb_row_inner][et_pb_row_inner _builder_version=\u00a0\u00bb4.16&Prime; _module_preset=\u00a0\u00bbdefault\u00a0\u00bb custom_margin=\u00a0\u00bb||||false|false\u00a0\u00bb custom_padding=\u00a0\u00bb0px||||false|false\u00a0\u00bb global_colors_info=\u00a0\u00bb{}\u00a0\u00bb][et_pb_column_inner saved_specialty_column_type=\u00a0\u00bb2_3&Prime; _builder_version=\u00a0\u00bb4.16&Prime; _module_preset=\u00a0\u00bbdefault\u00a0\u00bb global_colors_info=\u00a0\u00bb{}\u00a0\u00bb][et_pb_text _builder_version=\u00a0\u00bb4.17.3&Prime; _module_preset=\u00a0\u00bbdefault\u00a0\u00bb link_text_color=\u00a0\u00bb#44A4D5&Prime; custom_margin_tablet=\u00a0\u00bb\u00a0\u00bb custom_margin_phone=\u00a0\u00bb0px||||false|false\u00a0\u00bb custom_margin_last_edited=\u00a0\u00bbon|phone\u00a0\u00bb custom_padding_tablet=\u00a0\u00bb\u00a0\u00bb custom_padding_phone=\u00a0\u00bb0px||||false|false\u00a0\u00bb custom_padding_last_edited=\u00a0\u00bbon|phone\u00a0\u00bb global_colors_info=\u00a0\u00bb{}\u00a0\u00bb]<\/p>\n<p class=\"p1\"><b>Qu\u2019avez-vous appris lors de cette p\u00e9riode?<\/b><\/p>\n<p class=\"p1\">Je suis depuis le concept Rohner au quotidien. Bien s\u00fbr, je m\u2019accorde parfois quelques \u00e9carts mais j\u2019ai tant appris au sujet de l\u2019alimentation que je ne me rends m\u00eame plus compte \u00e0 quel point je suis ma liste \u00e0 la lettre. Je d\u00e9couvre un sentiment de l\u00e9g\u00e8ret\u00e9 corporelle que je n\u2019avais ressenti auparavant.<\/p>\n<p>[\/et_pb_text][\/et_pb_column_inner][\/et_pb_row_inner][et_pb_row_inner _builder_version=\u00a0\u00bb4.16&Prime; _module_preset=\u00a0\u00bbdefault\u00a0\u00bb custom_margin=\u00a0\u00bb||||false|false\u00a0\u00bb custom_padding=\u00a0\u00bb0px||||false|false\u00a0\u00bb global_colors_info=\u00a0\u00bb{}\u00a0\u00bb][et_pb_column_inner saved_specialty_column_type=\u00a0\u00bb2_3&Prime; _builder_version=\u00a0\u00bb4.16&Prime; _module_preset=\u00a0\u00bbdefault\u00a0\u00bb global_colors_info=\u00a0\u00bb{}\u00a0\u00bb][et_pb_text _builder_version=\u00a0\u00bb4.17.3&Prime; _module_preset=\u00a0\u00bbdefault\u00a0\u00bb link_text_color=\u00a0\u00bb#44A4D5&Prime; global_colors_info=\u00a0\u00bb{}\u00a0\u00bb]<\/p>\n<p class=\"p1\"><b>Vous avez r\u00e9cemment d\u00e9cid\u00e9 de vous inscrire \u00e0 la r\u00e9p\u00e9tition du programme du concept Rohner. Pourquoi?<\/b><\/p>\n<p class=\"p1\">Mon amoureux et une amie ont d\u00e9cid\u00e9 de faire analyser leur type de m\u00e9tabolisme l\u2019automne dernier. J\u2019avais envie de les aider \u00e0 appliquer leurs bonnes r\u00e9solutions et je me suis donc inscrit au programme de r\u00e9p\u00e9tition aupr\u00e8s du Dr. med. Huluk. Je voulais savoir si mon type de m\u00e9tabolisme et ma liste d\u2019aliments pouvaient avoir chang\u00e9 pendant tout ce temps.<\/p>\n<p class=\"p1\">Nous avons depuis parfaitement r\u00e9ussi \u00e0 am\u00e9liorer notre alimentation et nous avons commenc\u00e9 \u00e0 exp\u00e9rimenter plus en cuisine. Nous avons d\u00e9couvert le plaisir d\u2019inventer de nouvelles recettes avec les aliments qui nous \u00e9taient autoris\u00e9s \u2013 notamment les pains prot\u00e9in\u00e9s ou de d\u00e9licieux desserts faits maison \u2013 et d\u2019exp\u00e9rimenter de nouvelles saveurs.<br \/>Pour nos achats, nous avons appris \u00e0 mieux \u00e9tudier les aliments et nous avons \u00e9t\u00e9 tr\u00e8s surpris de d\u00e9couvrir le nombre de yoghourts nature qui existe et la quantit\u00e9 de sucre cach\u00e9 dans les aliments. En cas d\u2019incertitudes, nous avons pos\u00e9 des questions \u00e0 Eveline M\u00fcller du concept Rohner. Elle nous a apport\u00e9 une grande aide et nous a aid\u00e9 \u00e0 trouver notre voie parmi le tr\u00e8s vaste choix de produits actuels.<\/p>\n<p class=\"p1\">Le concept peut \u00eatre appliqu\u00e9 au quotidien. M\u00eame si je dois rester plusieurs jours \u00e0 l\u2019h\u00f4tel, je parviens facilement \u00e0 composer mes menus quotidiens pour r\u00e9pondre \u00e0 mes besoins sur la base des aliments disponibles. Gourmet je suis et gourmet je reste et pourtant, le concept Rohner me convient parfaitement. J\u2019aime mon alimentation et je me sens vivant et en bonne sant\u00e9 en la respectant.<\/p>\n<p>[\/et_pb_text][\/et_pb_column_inner][\/et_pb_row_inner][\/et_pb_column][\/et_pb_section][et_pb_section fb_built=\u00a0\u00bb1&Prime; disabled_on=\u00a0\u00bboff|off|off\u00a0\u00bb admin_label=\u00a0\u00bbWeg zur Anmeldung\u00a0\u00bb _builder_version=\u00a0\u00bb4.16&Prime; _module_preset=\u00a0\u00bbdefault\u00a0\u00bb background_color=\u00a0\u00bb#d7cfc6&Prime; da_disable_devices=\u00a0\u00bboff|off|off\u00a0\u00bb locked=\u00a0\u00bboff\u00a0\u00bb global_colors_info=\u00a0\u00bb{}\u00a0\u00bb da_is_popup=\u00a0\u00bboff\u00a0\u00bb da_exit_intent=\u00a0\u00bboff\u00a0\u00bb da_has_close=\u00a0\u00bbon\u00a0\u00bb da_alt_close=\u00a0\u00bboff\u00a0\u00bb da_dark_close=\u00a0\u00bboff\u00a0\u00bb da_not_modal=\u00a0\u00bbon\u00a0\u00bb da_is_singular=\u00a0\u00bboff\u00a0\u00bb da_with_loader=\u00a0\u00bboff\u00a0\u00bb da_has_shadow=\u00a0\u00bbon\u00a0\u00bb][et_pb_row custom_padding_last_edited=\u00a0\u00bbon|tablet\u00a0\u00bb _builder_version=\u00a0\u00bb4.16&Prime; _module_preset=\u00a0\u00bbdefault\u00a0\u00bb custom_padding_tablet=\u00a0\u00bb0px||||false|false\u00a0\u00bb custom_padding_phone=\u00a0\u00bb0px||||false|false\u00a0\u00bb global_colors_info=\u00a0\u00bb{}\u00a0\u00bb][et_pb_column type=\u00a0\u00bb4_4&Prime; _builder_version=\u00a0\u00bb4.16&Prime; _module_preset=\u00a0\u00bbdefault\u00a0\u00bb global_colors_info=\u00a0\u00bb{}\u00a0\u00bb][et_pb_text _builder_version=\u00a0\u00bb4.16&Prime; _module_preset=\u00a0\u00bbdefault\u00a0\u00bb header_2_text_color=\u00a0\u00bb#69757e\u00a0\u00bb header_3_text_color=\u00a0\u00bb#69757E\u00a0\u00bb header_3_font_size=\u00a0\u00bb25px\u00a0\u00bb text_orientation=\u00a0\u00bbcenter\u00a0\u00bb global_colors_info=\u00a0\u00bb{}\u00a0\u00bb]<\/p>\n<h3>La voie la plus rapide vers votre silhouette id\u00e9ale\u200b<\/h3>\n<p>[\/et_pb_text][\/et_pb_column][\/et_pb_row][et_pb_row column_structure=\u00a0\u00bb1_4,1_4,1_4,1_4&Prime; _builder_version=\u00a0\u00bb4.16&Prime; _module_preset=\u00a0\u00bbdefault\u00a0\u00bb custom_padding=\u00a0\u00bb0px||||false|false\u00a0\u00bb animation_direction=\u00a0\u00bbleft\u00a0\u00bb global_colors_info=\u00a0\u00bb{}\u00a0\u00bb][et_pb_column type=\u00a0\u00bb1_4&Prime; _builder_version=\u00a0\u00bb4.16&Prime; _module_preset=\u00a0\u00bbdefault\u00a0\u00bb global_colors_info=\u00a0\u00bb{}\u00a0\u00bb][et_pb_blurb image=\u00a0\u00bbhttps:\/\/www.rohner-konzept.ch\/rohner\/wp-content\/uploads\/2020\/10\/Icon-Anmeldeablauf_Partnerarzt.svg\u00a0\u00bb image_icon_width=\u00a0\u00bb35%\u00a0\u00bb _builder_version=\u00a0\u00bb4.16&Prime; _module_preset=\u00a0\u00bbdefault\u00a0\u00bb header_font=\u00a0\u00bb|600|||||||\u00a0\u00bb header_text_color=\u00a0\u00bb#ffffff\u00a0\u00bb header_font_size=\u00a0\u00bb14px\u00a0\u00bb body_text_color=\u00a0\u00bb#ffffff\u00a0\u00bb body_line_height=\u00a0\u00bb1.5em\u00a0\u00bb text_orientation=\u00a0\u00bbcenter\u00a0\u00bb module_alignment=\u00a0\u00bbcenter\u00a0\u00bb animation_style=\u00a0\u00bbfade\u00a0\u00bb animation_duration=\u00a0\u00bb420ms\u00a0\u00bb image_max_width=\u00a0\u00bb35%\u00a0\u00bb global_colors_info=\u00a0\u00bb{}\u00a0\u00bb transform_styles__hover_enabled=\u00a0\u00bbon|hover\u00a0\u00bb transform_scale__hover=\u00a0\u00bb110%|110%\u00a0\u00bb transform_scale__hover_enabled=\u00a0\u00bbon|hover\u00a0\u00bb transform_translate__hover_enabled=\u00a0\u00bbon|desktop\u00a0\u00bb transform_rotate__hover_enabled=\u00a0\u00bbon|desktop\u00a0\u00bb transform_skew__hover_enabled=\u00a0\u00bbon|desktop\u00a0\u00bb transform_origin__hover_enabled=\u00a0\u00bbon|desktop\u00a0\u00bb]<\/p>\n<p class=\"p1\">1.<br \/>Choisir un <br \/>m\u00e9decin partenaire<\/p>\n<p>[\/et_pb_blurb][\/et_pb_column][et_pb_column type=\u00a0\u00bb1_4&Prime; _builder_version=\u00a0\u00bb4.16&Prime; _module_preset=\u00a0\u00bbdefault\u00a0\u00bb global_colors_info=\u00a0\u00bb{}\u00a0\u00bb][et_pb_blurb image=\u00a0\u00bbhttps:\/\/www.rohner-konzept.ch\/rohner\/wp-content\/uploads\/2020\/10\/Icon-Anmeldeablauf_bezahlen.svg\u00a0\u00bb image_icon_width=\u00a0\u00bb35%\u00a0\u00bb _builder_version=\u00a0\u00bb4.16&Prime; _module_preset=\u00a0\u00bbdefault\u00a0\u00bb header_font=\u00a0\u00bb|600|||||||\u00a0\u00bb header_text_color=\u00a0\u00bb#ffffff\u00a0\u00bb header_font_size=\u00a0\u00bb14px\u00a0\u00bb body_text_color=\u00a0\u00bb#ffffff\u00a0\u00bb body_line_height=\u00a0\u00bb1.5em\u00a0\u00bb text_orientation=\u00a0\u00bbcenter\u00a0\u00bb module_alignment=\u00a0\u00bbcenter\u00a0\u00bb animation_style=\u00a0\u00bbfade\u00a0\u00bb animation_duration=\u00a0\u00bb200ms\u00a0\u00bb animation_delay=\u00a0\u00bb200ms\u00a0\u00bb image_max_width=\u00a0\u00bb35%\u00a0\u00bb global_colors_info=\u00a0\u00bb{}\u00a0\u00bb transform_styles__hover_enabled=\u00a0\u00bbon|hover\u00a0\u00bb transform_scale__hover=\u00a0\u00bb110%|110%\u00a0\u00bb transform_scale__hover_enabled=\u00a0\u00bbon|hover\u00a0\u00bb transform_translate__hover_enabled=\u00a0\u00bbon|desktop\u00a0\u00bb transform_rotate__hover_enabled=\u00a0\u00bbon|desktop\u00a0\u00bb transform_skew__hover_enabled=\u00a0\u00bbon|desktop\u00a0\u00bb transform_origin__hover_enabled=\u00a0\u00bbon|desktop\u00a0\u00bb]<\/p>\n<p>2.<br \/>Effectuer le<br \/>paiement en ligne<\/p>\n<p>[\/et_pb_blurb][\/et_pb_column][et_pb_column type=\u00a0\u00bb1_4&Prime; _builder_version=\u00a0\u00bb4.16&Prime; _module_preset=\u00a0\u00bbdefault\u00a0\u00bb global_colors_info=\u00a0\u00bb{}\u00a0\u00bb][et_pb_blurb image=\u00a0\u00bbhttps:\/\/www.rohner-konzept.ch\/rohner\/wp-content\/uploads\/2020\/10\/Icon-Anmeldeablauf_Termin.svg\u00a0\u00bb image_icon_width=\u00a0\u00bb35%\u00a0\u00bb admin_label=\u00a0\u00bbBlurb\u00a0\u00bb _builder_version=\u00a0\u00bb4.16&Prime; _module_preset=\u00a0\u00bbdefault\u00a0\u00bb header_font=\u00a0\u00bb|600|||||||\u00a0\u00bb header_text_color=\u00a0\u00bb#ffffff\u00a0\u00bb header_font_size=\u00a0\u00bb14px\u00a0\u00bb body_text_color=\u00a0\u00bb#ffffff\u00a0\u00bb body_line_height=\u00a0\u00bb1.5em\u00a0\u00bb text_orientation=\u00a0\u00bbcenter\u00a0\u00bb module_alignment=\u00a0\u00bbcenter\u00a0\u00bb animation_style=\u00a0\u00bbfade\u00a0\u00bb animation_duration=\u00a0\u00bb200ms\u00a0\u00bb animation_delay=\u00a0\u00bb400ms\u00a0\u00bb image_max_width=\u00a0\u00bb35%\u00a0\u00bb global_colors_info=\u00a0\u00bb{}\u00a0\u00bb transform_styles__hover_enabled=\u00a0\u00bbon|hover\u00a0\u00bb transform_scale__hover_enabled=\u00a0\u00bbon|hover\u00a0\u00bb transform_translate__hover_enabled=\u00a0\u00bbon|desktop\u00a0\u00bb transform_rotate__hover_enabled=\u00a0\u00bbon|desktop\u00a0\u00bb transform_skew__hover_enabled=\u00a0\u00bbon|desktop\u00a0\u00bb transform_origin__hover_enabled=\u00a0\u00bbon|desktop\u00a0\u00bb transform_scale__hover=\u00a0\u00bb110%|110%\u00a0\u00bb]<\/p>\n<p>3.<br \/>Fixer un rendez-vous <br \/>aupr\u00e8s du m\u00e9decin partenaire<\/p>\n<p>[\/et_pb_blurb][\/et_pb_column][et_pb_column type=\u00a0\u00bb1_4&Prime; _builder_version=\u00a0\u00bb4.16&Prime; _module_preset=\u00a0\u00bbdefault\u00a0\u00bb global_colors_info=\u00a0\u00bb{}\u00a0\u00bb][et_pb_blurb image=\u00a0\u00bbhttps:\/\/www.rohner-konzept.ch\/rohner\/wp-content\/uploads\/2020\/10\/Icon-Anmeldeablauf_Ernaehrungskonzept.svg\u00a0\u00bb image_icon_width=\u00a0\u00bb35%\u00a0\u00bb admin_label=\u00a0\u00bbInformationstext\u00a0\u00bb _builder_version=\u00a0\u00bb4.16&Prime; _module_preset=\u00a0\u00bbdefault\u00a0\u00bb header_font=\u00a0\u00bb|600|||||||\u00a0\u00bb header_text_color=\u00a0\u00bb#ffffff\u00a0\u00bb header_font_size=\u00a0\u00bb14px\u00a0\u00bb body_text_color=\u00a0\u00bb#ffffff\u00a0\u00bb body_line_height=\u00a0\u00bb1.5em\u00a0\u00bb text_orientation=\u00a0\u00bbcenter\u00a0\u00bb module_alignment=\u00a0\u00bbcenter\u00a0\u00bb animation_style=\u00a0\u00bbfade\u00a0\u00bb animation_duration=\u00a0\u00bb200ms\u00a0\u00bb animation_delay=\u00a0\u00bb600ms\u00a0\u00bb image_max_width=\u00a0\u00bb35%\u00a0\u00bb global_colors_info=\u00a0\u00bb{}\u00a0\u00bb transform_styles__hover_enabled=\u00a0\u00bbon|hover\u00a0\u00bb transform_scale__hover=\u00a0\u00bb110%|110%\u00a0\u00bb transform_scale__hover_enabled=\u00a0\u00bbon|hover\u00a0\u00bb transform_translate__hover_enabled=\u00a0\u00bbon|desktop\u00a0\u00bb transform_rotate__hover_enabled=\u00a0\u00bbon|desktop\u00a0\u00bb transform_skew__hover_enabled=\u00a0\u00bbon|desktop\u00a0\u00bb transform_origin__hover_enabled=\u00a0\u00bbon|desktop\u00a0\u00bb]<\/p>\n<p>4.<br \/>Recevoir un Concept <br \/>nutritionnel personnalis\u00e9<\/p>\n<p>[\/et_pb_blurb][\/et_pb_column][\/et_pb_row][et_pb_row _builder_version=\u00a0\u00bb4.16&Prime; _module_preset=\u00a0\u00bbdefault\u00a0\u00bb global_colors_info=\u00a0\u00bb{}\u00a0\u00bb][et_pb_column type=\u00a0\u00bb4_4&Prime; _builder_version=\u00a0\u00bb4.16&Prime; _module_preset=\u00a0\u00bbdefault\u00a0\u00bb global_colors_info=\u00a0\u00bb{}\u00a0\u00bb][et_pb_button button_url=\u00a0\u00bb@ET-DC@eyJkeW5hbWljIjp0cnVlLCJjb250ZW50IjoicG9zdF9saW5rX3VybF9wYWdlIiwic2V0dGluZ3MiOnsicG9zdF9pZCI6IjYzNDMifX0=@\u00a0\u00bb button_text=\u00a0\u00bbS\u2019inscrire de suite\u00a0\u00bb button_alignment=\u00a0\u00bbcenter\u00a0\u00bb _builder_version=\u00a0\u00bb4.16&Prime; _dynamic_attributes=\u00a0\u00bbbutton_url\u00a0\u00bb _module_preset=\u00a0\u00bbdefault\u00a0\u00bb custom_button=\u00a0\u00bbon\u00a0\u00bb button_font=\u00a0\u00bb|600|||||||\u00a0\u00bb custom_padding=\u00a0\u00bb8px|20px|8px|20px|false|false\u00a0\u00bb animation_style=\u00a0\u00bbbounce\u00a0\u00bb animation_duration=\u00a0\u00bb500ms\u00a0\u00bb animation_delay=\u00a0\u00bb800ms\u00a0\u00bb global_colors_info=\u00a0\u00bb{}\u00a0\u00bb][\/et_pb_button][\/et_pb_column][\/et_pb_row][\/et_pb_section]<\/p>\n","protected":false},"excerpt":{"rendered":"<p>Je d\u00e9couvre un sentiment de l\u00e9g\u00e8ret\u00e9 corporelle que je n\u2019avais ressenti auparavant.\u00abJe voulais savoir si mon type de m\u00e9tabolisme avait chang\u00e9 en 20 ans.\u00bb Carlo MetzM\u00e9diateur FSMPour quelle raison aviez-vous d\u00e9j\u00e0 choisi le concept Rohner il y a 20 ans? \u00c0 la fin des ann\u00e9es 90, je travaillais dans le domaine de la finance et [&hellip;]<\/p>\n","protected":false},"author":21,"featured_media":9327,"comment_status":"closed","ping_status":"closed","template":"","meta":{"_et_pb_use_builder":"on","_et_pb_old_content":"","_et_gb_content_width":"","inline_featured_image":false,"footnotes":""},"project_category":[],"project_tag":[],"class_list":["post-9374","project","type-project","status-publish","has-post-thumbnail","hentry"],"yoast_head":"<!-- This site is optimized with the Yoast SEO plugin v26.8 - https:\/\/yoast.com\/product\/yoast-seo-wordpress\/ -->\n<title>Histoires \u00e0 succ\u00e8s Carlo Metz &#8211; Rohner-Konzept AG<\/title>\n<meta name=\"robots\" content=\"noindex, follow\" \/>\n<meta property=\"og:locale\" content=\"fr_FR\" \/>\n<meta property=\"og:type\" content=\"article\" \/>\n<meta property=\"og:title\" content=\"Histoires \u00e0 succ\u00e8s Carlo Metz &#8211; Rohner-Konzept AG\" \/>\n<meta property=\"og:description\" content=\"Je d\u00e9couvre un sentiment de l\u00e9g\u00e8ret\u00e9 corporelle que je n\u2019avais ressenti auparavant.\u00abJe voulais savoir si mon type de m\u00e9tabolisme avait chang\u00e9 en 20 ans.\u00bb Carlo MetzM\u00e9diateur FSMPour quelle raison aviez-vous d\u00e9j\u00e0 choisi le concept Rohner il y a 20 ans? \u00c0 la fin des ann\u00e9es 90, je travaillais dans le domaine de la finance et [&hellip;]\" \/>\n<meta property=\"og:url\" content=\"https:\/\/www.rohner-konzept.ch\/fr\/project\/histoires-a-succes-carlo-metz\/\" \/>\n<meta property=\"og:site_name\" content=\"Rohner-Konzept AG\" \/>\n<meta property=\"article:modified_time\" content=\"2024-08-23T14:07:49+00:00\" \/>\n<meta property=\"og:image\" content=\"https:\/\/www.rohner-konzept.ch\/wp-content\/uploads\/2022\/04\/Vorschau-Carloz.jpg\" \/>\n\t<meta property=\"og:image:width\" content=\"854\" \/>\n\t<meta property=\"og:image:height\" content=\"563\" \/>\n\t<meta property=\"og:image:type\" content=\"image\/jpeg\" \/>\n<meta name=\"twitter:card\" content=\"summary_large_image\" \/>\n<meta name=\"twitter:label1\" content=\"Dur\u00e9e de lecture estim\u00e9e\" \/>\n\t<meta name=\"twitter:data1\" content=\"13 minutes\" \/>\n<script type=\"application\/ld+json\" class=\"yoast-schema-graph\">{\"@context\":\"https:\/\/schema.org\",\"@graph\":[{\"@type\":\"WebPage\",\"@id\":\"https:\/\/www.rohner-konzept.ch\/fr\/project\/histoires-a-succes-carlo-metz\/\",\"url\":\"https:\/\/www.rohner-konzept.ch\/fr\/project\/histoires-a-succes-carlo-metz\/\",\"name\":\"Histoires \u00e0 succ\u00e8s Carlo Metz &#8211; Rohner-Konzept AG\",\"isPartOf\":{\"@id\":\"https:\/\/www.rohner-konzept.ch\/fr\/#website\"},\"primaryImageOfPage\":{\"@id\":\"https:\/\/www.rohner-konzept.ch\/fr\/project\/histoires-a-succes-carlo-metz\/#primaryimage\"},\"image\":{\"@id\":\"https:\/\/www.rohner-konzept.ch\/fr\/project\/histoires-a-succes-carlo-metz\/#primaryimage\"},\"thumbnailUrl\":\"https:\/\/www.rohner-konzept.ch\/wp-content\/uploads\/2022\/04\/Vorschau-Carloz.jpg\",\"datePublished\":\"2022-05-03T07:04:41+00:00\",\"dateModified\":\"2024-08-23T14:07:49+00:00\",\"breadcrumb\":{\"@id\":\"https:\/\/www.rohner-konzept.ch\/fr\/project\/histoires-a-succes-carlo-metz\/#breadcrumb\"},\"inLanguage\":\"fr-FR\",\"potentialAction\":[{\"@type\":\"ReadAction\",\"target\":[\"https:\/\/www.rohner-konzept.ch\/fr\/project\/histoires-a-succes-carlo-metz\/\"]}]},{\"@type\":\"ImageObject\",\"inLanguage\":\"fr-FR\",\"@id\":\"https:\/\/www.rohner-konzept.ch\/fr\/project\/histoires-a-succes-carlo-metz\/#primaryimage\",\"url\":\"https:\/\/www.rohner-konzept.ch\/wp-content\/uploads\/2022\/04\/Vorschau-Carloz.jpg\",\"contentUrl\":\"https:\/\/www.rohner-konzept.ch\/wp-content\/uploads\/2022\/04\/Vorschau-Carloz.jpg\",\"width\":854,\"height\":563},{\"@type\":\"BreadcrumbList\",\"@id\":\"https:\/\/www.rohner-konzept.ch\/fr\/project\/histoires-a-succes-carlo-metz\/#breadcrumb\",\"itemListElement\":[{\"@type\":\"ListItem\",\"position\":1,\"name\":\"Home\",\"item\":\"https:\/\/www.rohner-konzept.ch\/fr\/\"},{\"@type\":\"ListItem\",\"position\":2,\"name\":\"Projets\",\"item\":\"https:\/\/www.rohner-konzept.ch\/fr\/project\/\"},{\"@type\":\"ListItem\",\"position\":3,\"name\":\"Histoires \u00e0 succ\u00e8s Carlo Metz\"}]},{\"@type\":\"WebSite\",\"@id\":\"https:\/\/www.rohner-konzept.ch\/fr\/#website\",\"url\":\"https:\/\/www.rohner-konzept.ch\/fr\/\",\"name\":\"Rohner-Konzept AG\",\"description\":\"Der medizinische Weg zum Idealgewicht\",\"publisher\":{\"@id\":\"https:\/\/www.rohner-konzept.ch\/fr\/#organization\"},\"potentialAction\":[{\"@type\":\"SearchAction\",\"target\":{\"@type\":\"EntryPoint\",\"urlTemplate\":\"https:\/\/www.rohner-konzept.ch\/fr\/?s={search_term_string}\"},\"query-input\":{\"@type\":\"PropertyValueSpecification\",\"valueRequired\":true,\"valueName\":\"search_term_string\"}}],\"inLanguage\":\"fr-FR\"},{\"@type\":\"Organization\",\"@id\":\"https:\/\/www.rohner-konzept.ch\/fr\/#organization\",\"name\":\"Rohner-Konzept AG\",\"url\":\"https:\/\/www.rohner-konzept.ch\/fr\/\",\"logo\":{\"@type\":\"ImageObject\",\"inLanguage\":\"fr-FR\",\"@id\":\"https:\/\/www.rohner-konzept.ch\/fr\/#\/schema\/logo\/image\/\",\"url\":\"https:\/\/www.rohner-konzept.ch\/wp-content\/uploads\/2020\/10\/RK_Logo_rgb.svg\",\"contentUrl\":\"https:\/\/www.rohner-konzept.ch\/wp-content\/uploads\/2020\/10\/RK_Logo_rgb.svg\",\"width\":\"1024\",\"height\":\"1024\",\"caption\":\"Rohner-Konzept AG\"},\"image\":{\"@id\":\"https:\/\/www.rohner-konzept.ch\/fr\/#\/schema\/logo\/image\/\"}}]}<\/script>\n<!-- \/ Yoast SEO plugin. -->","yoast_head_json":{"title":"Histoires \u00e0 succ\u00e8s Carlo Metz &#8211; Rohner-Konzept AG","robots":{"index":"noindex","follow":"follow"},"og_locale":"fr_FR","og_type":"article","og_title":"Histoires \u00e0 succ\u00e8s Carlo Metz &#8211; Rohner-Konzept AG","og_description":"Je d\u00e9couvre un sentiment de l\u00e9g\u00e8ret\u00e9 corporelle que je n\u2019avais ressenti auparavant.\u00abJe voulais savoir si mon type de m\u00e9tabolisme avait chang\u00e9 en 20 ans.\u00bb Carlo MetzM\u00e9diateur FSMPour quelle raison aviez-vous d\u00e9j\u00e0 choisi le concept Rohner il y a 20 ans? \u00c0 la fin des ann\u00e9es 90, je travaillais dans le domaine de la finance et [&hellip;]","og_url":"https:\/\/www.rohner-konzept.ch\/fr\/project\/histoires-a-succes-carlo-metz\/","og_site_name":"Rohner-Konzept AG","article_modified_time":"2024-08-23T14:07:49+00:00","og_image":[{"width":854,"height":563,"url":"https:\/\/www.rohner-konzept.ch\/wp-content\/uploads\/2022\/04\/Vorschau-Carloz.jpg","type":"image\/jpeg"}],"twitter_card":"summary_large_image","twitter_misc":{"Dur\u00e9e de lecture estim\u00e9e":"13 minutes"},"schema":{"@context":"https:\/\/schema.org","@graph":[{"@type":"WebPage","@id":"https:\/\/www.rohner-konzept.ch\/fr\/project\/histoires-a-succes-carlo-metz\/","url":"https:\/\/www.rohner-konzept.ch\/fr\/project\/histoires-a-succes-carlo-metz\/","name":"Histoires \u00e0 succ\u00e8s Carlo Metz &#8211; Rohner-Konzept AG","isPartOf":{"@id":"https:\/\/www.rohner-konzept.ch\/fr\/#website"},"primaryImageOfPage":{"@id":"https:\/\/www.rohner-konzept.ch\/fr\/project\/histoires-a-succes-carlo-metz\/#primaryimage"},"image":{"@id":"https:\/\/www.rohner-konzept.ch\/fr\/project\/histoires-a-succes-carlo-metz\/#primaryimage"},"thumbnailUrl":"https:\/\/www.rohner-konzept.ch\/wp-content\/uploads\/2022\/04\/Vorschau-Carloz.jpg","datePublished":"2022-05-03T07:04:41+00:00","dateModified":"2024-08-23T14:07:49+00:00","breadcrumb":{"@id":"https:\/\/www.rohner-konzept.ch\/fr\/project\/histoires-a-succes-carlo-metz\/#breadcrumb"},"inLanguage":"fr-FR","potentialAction":[{"@type":"ReadAction","target":["https:\/\/www.rohner-konzept.ch\/fr\/project\/histoires-a-succes-carlo-metz\/"]}]},{"@type":"ImageObject","inLanguage":"fr-FR","@id":"https:\/\/www.rohner-konzept.ch\/fr\/project\/histoires-a-succes-carlo-metz\/#primaryimage","url":"https:\/\/www.rohner-konzept.ch\/wp-content\/uploads\/2022\/04\/Vorschau-Carloz.jpg","contentUrl":"https:\/\/www.rohner-konzept.ch\/wp-content\/uploads\/2022\/04\/Vorschau-Carloz.jpg","width":854,"height":563},{"@type":"BreadcrumbList","@id":"https:\/\/www.rohner-konzept.ch\/fr\/project\/histoires-a-succes-carlo-metz\/#breadcrumb","itemListElement":[{"@type":"ListItem","position":1,"name":"Home","item":"https:\/\/www.rohner-konzept.ch\/fr\/"},{"@type":"ListItem","position":2,"name":"Projets","item":"https:\/\/www.rohner-konzept.ch\/fr\/project\/"},{"@type":"ListItem","position":3,"name":"Histoires \u00e0 succ\u00e8s Carlo Metz"}]},{"@type":"WebSite","@id":"https:\/\/www.rohner-konzept.ch\/fr\/#website","url":"https:\/\/www.rohner-konzept.ch\/fr\/","name":"Rohner-Konzept AG","description":"Der medizinische Weg zum Idealgewicht","publisher":{"@id":"https:\/\/www.rohner-konzept.ch\/fr\/#organization"},"potentialAction":[{"@type":"SearchAction","target":{"@type":"EntryPoint","urlTemplate":"https:\/\/www.rohner-konzept.ch\/fr\/?s={search_term_string}"},"query-input":{"@type":"PropertyValueSpecification","valueRequired":true,"valueName":"search_term_string"}}],"inLanguage":"fr-FR"},{"@type":"Organization","@id":"https:\/\/www.rohner-konzept.ch\/fr\/#organization","name":"Rohner-Konzept AG","url":"https:\/\/www.rohner-konzept.ch\/fr\/","logo":{"@type":"ImageObject","inLanguage":"fr-FR","@id":"https:\/\/www.rohner-konzept.ch\/fr\/#\/schema\/logo\/image\/","url":"https:\/\/www.rohner-konzept.ch\/wp-content\/uploads\/2020\/10\/RK_Logo_rgb.svg","contentUrl":"https:\/\/www.rohner-konzept.ch\/wp-content\/uploads\/2020\/10\/RK_Logo_rgb.svg","width":"1024","height":"1024","caption":"Rohner-Konzept AG"},"image":{"@id":"https:\/\/www.rohner-konzept.ch\/fr\/#\/schema\/logo\/image\/"}}]}},"jetpack_sharing_enabled":true,"_links":{"self":[{"href":"https:\/\/www.rohner-konzept.ch\/fr\/wp-json\/wp\/v2\/project\/9374","targetHints":{"allow":["GET"]}}],"collection":[{"href":"https:\/\/www.rohner-konzept.ch\/fr\/wp-json\/wp\/v2\/project"}],"about":[{"href":"https:\/\/www.rohner-konzept.ch\/fr\/wp-json\/wp\/v2\/types\/project"}],"author":[{"embeddable":true,"href":"https:\/\/www.rohner-konzept.ch\/fr\/wp-json\/wp\/v2\/users\/21"}],"replies":[{"embeddable":true,"href":"https:\/\/www.rohner-konzept.ch\/fr\/wp-json\/wp\/v2\/comments?post=9374"}],"version-history":[{"count":8,"href":"https:\/\/www.rohner-konzept.ch\/fr\/wp-json\/wp\/v2\/project\/9374\/revisions"}],"predecessor-version":[{"id":12834,"href":"https:\/\/www.rohner-konzept.ch\/fr\/wp-json\/wp\/v2\/project\/9374\/revisions\/12834"}],"wp:featuredmedia":[{"embeddable":true,"href":"https:\/\/www.rohner-konzept.ch\/fr\/wp-json\/wp\/v2\/media\/9327"}],"wp:attachment":[{"href":"https:\/\/www.rohner-konzept.ch\/fr\/wp-json\/wp\/v2\/media?parent=9374"}],"wp:term":[{"taxonomy":"project_category","embeddable":true,"href":"https:\/\/www.rohner-konzept.ch\/fr\/wp-json\/wp\/v2\/project_category?post=9374"},{"taxonomy":"project_tag","embeddable":true,"href":"https:\/\/www.rohner-konzept.ch\/fr\/wp-json\/wp\/v2\/project_tag?post=9374"}],"curies":[{"name":"wp","href":"https:\/\/api.w.org\/{rel}","templated":true}]}}